{"id":684,"date":"2024-09-27T07:37:23","date_gmt":"2024-09-27T07:37:23","guid":{"rendered":"http:\/\/w3.svv.or.at\/?page_id=684"},"modified":"2025-02-05T15:23:11","modified_gmt":"2025-02-05T15:23:11","slug":"termine","status":"publish","type":"page","link":"https:\/\/w3.svv.or.at\/?page_id=684","title":{"rendered":"Termine"},"content":{"rendered":"\n<p>Der Terminkalender enth\u00e4lt alle wichtigen Termine f\u00fcr Vereinsmitglieder, von Training \u00fcber Wettk\u00e4mpfe bis hin zu Veranstaltungen.<\/p>\n\n\n\n<p>Bei einigen Terminen kann durch Klick auf die jeweilige Bezeichnung zu der jeweiligen Ausschreibung, weiterf\u00fchrenden Seite etc. navigiert werden!<\/p>\n\n\n\n<p>Link zum SVV-Gmail-Kalender: <a href=\"https:\/\/calendar.google.com\/calendar\/embed?src=d738pmcuj2qhhlteas5voi10jk%40group.calendar.google.com&amp;ctz=Europe%2FVienna\" target=\"_blank\" rel=\"noreferrer noopener\">SVV-Kalender<\/a><\/p>\n\n\n\n<p><a href=\"https:\/\/docs.google.com\/document\/d\/1ipVlu_EZcQN2nRgml-se5zFJduOrfm0dN5t2FcUsAyk\/edit?usp=drivesdk\" target=\"_blank\" rel=\"noreferrer noopener\">Anleitung zum Einbinden<\/a><\/p>\n\n\n\n<iframe loading=\"lazy\" src=\"https:\/\/calendar.google.com\/calendar\/embed?src=d738pmcuj2qhhlteas5voi10jk%40group.calendar.google.com&#038;ctz=Europe%2FVienna\" style=\"border: 0\" width=\"800\" height=\"600\" frameborder=\"0\" scrolling=\"no\"><\/iframe>\n","protected":false},"excerpt":{"rendered":"<p>Der Terminkalender enth\u00e4lt alle wichtigen Termine f\u00fcr Vereinsmitglieder, von Training \u00fcber Wettk\u00e4mpfe bis hin zu Veranstaltungen. Bei einigen Terminen kann durch Klick auf die jeweilige Bezeichnung zu der jeweiligen Ausschreibung, weiterf\u00fchrenden Seite etc. navigiert werden! Link zum SVV-Gmail-Kalender: SVV-Kalender Anleitung zum Einbinden<\/p>\n","protected":false},"author":2,"featured_media":881,"parent":0,"menu_order":0,"comment_status":"closed","ping_status":"closed","template":"","meta":{"footnotes":""},"class_list":["post-684","page","type-page","status-publish","has-post-thumbnail","hentry"],"_links":{"self":[{"href":"https:\/\/w3.svv.or.at\/index.php?rest_route=\/wp\/v2\/pages\/684"}],"collection":[{"href":"https:\/\/w3.svv.or.at\/index.php?rest_route=\/wp\/v2\/pages"}],"about":[{"href":"https:\/\/w3.svv.or.at\/index.php?rest_route=\/wp\/v2\/types\/page"}],"author":[{"embeddable":true,"href":"https:\/\/w3.svv.or.at\/index.php?rest_route=\/wp\/v2\/users\/2"}],"replies":[{"embeddable":true,"href":"https:\/\/w3.svv.or.at\/index.php?rest_route=%2Fwp%2Fv2%2Fcomments&post=684"}],"version-history":[{"count":6,"href":"https:\/\/w3.svv.or.at\/index.php?rest_route=\/wp\/v2\/pages\/684\/revisions"}],"predecessor-version":[{"id":950,"href":"https:\/\/w3.svv.or.at\/index.php?rest_route=\/wp\/v2\/pages\/684\/revisions\/950"}],"wp:featuredmedia":[{"embeddable":true,"href":"https:\/\/w3.svv.or.at\/index.php?rest_route=\/wp\/v2\/media\/881"}],"wp:attachment":[{"href":"https:\/\/w3.svv.or.at\/index.php?rest_route=%2Fwp%2Fv2%2Fmedia&parent=684"}],"curies":[{"name":"wp","href":"https:\/\/api.w.org\/{rel}","templated":true}]}}